{"id":9845,"date":"2019-06-25T16:04:47","date_gmt":"2019-06-25T14:04:47","guid":{"rendered":"http:\/\/wordpress.p520188.webspaceconfig.de\/?page_id=9845"},"modified":"2019-06-26T16:28:02","modified_gmt":"2019-06-26T14:28:02","slug":"condiciones","status":"publish","type":"page","link":"https:\/\/www.dimeda.de\/es\/condiciones\/","title":{"rendered":"Condiciones"},"content":{"rendered":"<div class=\"wpb-content-wrapper\"><p>[vc_row type=\u00bbgrid\u00bb video_bg=\u00bb\u00bb is_fss_bg=\u00bbno\u00bb][vc_column dp_animation=\u00bb\u00bb][vc_custom_heading text=\u00bbCondiciones generales de contrataci\u00f3n\u00bb font_container=\u00bbtag:h1|text_align:left\u00bb use_theme_fonts=\u00bbyes\u00bb css=\u00bb.vc_custom_1485849712591{margin-bottom: 30px !important;}\u00bb][vc_column_text dp_animation=\u00bb\u00bb]<strong>1. \u00c1mbito de aplicaci\u00f3n<\/strong><\/p>\n<p>Para todos los contratos celebrados en el marco de nuestras relaciones comerciales actuales y futuras con empresas en el sentido del art\u00edculo 14 del C\u00f3digo Civil alem\u00e1n, personas jur\u00eddicas de derecho p\u00fablico y patrimonio especial de derecho p\u00fablico son v\u00e1lidas exclusivamente las condiciones siguientes, a no ser que \u00e9stas se modifiquen o excluyan expresamente por escrito.<br \/>\nLas condiciones generales de contrataci\u00f3n divergentes de la otra parte contratante no se reconocer\u00e1n y tampoco formar\u00e1n parte integrante del contrato sin nuestra oposici\u00f3n expresa y por escrito.<\/p>\n<p><strong>2. Conclusi\u00f3n del contrato<\/strong><\/p>\n<p>2.1<br \/>\nNuestras ofertas se realizan siempre sin compromiso. Nos reservamos el derecho a la venta intermedia para las existencias en almac\u00e9n ofertadas. Si los contratos se celebran sujetos a confirmaci\u00f3n por escrito, el contenido de nuestro escrito de confirmaci\u00f3n ser\u00e1 determinante, en tanto que la otra parte contratante no se oponga inmediatamente.<\/p>\n<p>2.2<br \/>\nLas im\u00e1genes y detalles de las dimensiones, peso, color, material y equipamiento incluidos en los documentos de venta,<br \/>\ncat\u00e1logos y otras presentaciones son solamente de car\u00e1cter aproximativo, a no ser que en nuestra confirmaci\u00f3n del pedido se designen expresamente como vinculantes. Nosotros tenemos derecho a realizar modificaciones debido al desarrollo t\u00e9cnico ulterior, a no ser que los intereses de la otra parte contratante fueran perjudicados por ello de forma desmesurada.<\/p>\n<p><strong>3. Precios, embalaje y env\u00edo<\/strong><\/p>\n<p>3.1<br \/>\nTodos los precios indicados se entienden en euros, puestos en nuestra sede en Tuttlingen, excluyendo el impuesto sobre el valor a\u00f1adido y el embalaje.<\/p>\n<p>3.2<br \/>\nSalvo acuerdo en contrario, el embalaje se realiza a nuestra elecci\u00f3n contra facturaci\u00f3n de los costes. La otra parte contratante se encargar\u00e1 de la correcta eliminaci\u00f3n del embalaje a sus expensas.<\/p>\n<p>3.3<br \/>\nEl env\u00edo se realizar\u00e1 por cuenta y riesgo de la otra parte contratante. \u00c9sta contratar\u00e1 un seguro de transporte.<\/p>\n<p><strong>4. Entrega<\/strong><\/p>\n<p>4.1<br \/>\nLas entregas parciales est\u00e1n permitidas y se pueden facturar por separado.<\/p>\n<p>4.2 Los dispositivos de protecci\u00f3n y las instrucciones de uso s\u00f3lo se incluyen, en la medida en que esto est\u00e9 determinado por las disposiciones legales pertinentes o por nuestra oferta expresa. Para todos los suministros y servicios del \u00e1mbito de la electromedicina son v\u00e1lidas las normas de seguridad de la Asociaci\u00f3n de Electrot\u00e9cnicos Alemanes o normas equivalentes.<\/p>\n<p><strong>5. Plazo de entrega, demora, imposibilidad<\/strong><\/p>\n<p>5.1<br \/>\nLos plazos de entrega y fechas de entrega son aproximados y no vinculantes. Estos plazos tan s\u00f3lo son jur\u00eddicamente vinculantes, si son confirmados por nosotros de forma expresa y por escrito.<\/p>\n<p>5.2<br \/>\nLos plazos de entrega comienzan a correr a partir del env\u00edo de la confirmaci\u00f3n del pedido, sin embargo, no antes de la recepci\u00f3n de todos los patrones, documentos, permisos, aprobaciones que deben ser aportados por la otra parte contratante y del cumplimiento de las dem\u00e1s obligaciones resultantes del contrato, en particular, tambi\u00e9n del pago de los anticipos acordados.<\/p>\n<p>5.3.<br \/>\nSi la otra parte contratante incurre en mora con una obligaci\u00f3n esencial resultante de la relaci\u00f3n contractual, nosotros tendremos el derecho de prolongar el plazo de entrega por el per\u00edodo de la mora.<\/p>\n<p>5.4<br \/>\nSi el incumplimiento de los plazos se debe a fuerza mayor, por ejemplo, movilizaci\u00f3n, guerra, disturbios o sucesos similares, por ejemplo, huelgas o cierres patronales, los plazos se prolongar\u00e1n de forma adecuada. Si la ejecuci\u00f3n del contrato se ve impedida durante un per\u00edodo de m\u00e1s de seis meses, cualquiera de las partes podr\u00e1 rescindir el contrato por escrito.<br \/>\nwww.dimeda.de<\/p>\n<p>5.5<br \/>\nNosotros asumimos la responsabilidad por el retraso en la prestaci\u00f3n del servicio en los casos de dolo o negligencia grave por nuestra parte o por un representante o auxiliar ejecutivo de conformidad con las disposiciones legales. En otros casos del retraso en la prestaci\u00f3n del servicio, si el comprador acredita que le ha sido causado un da\u00f1o debido a ello, nuestra responsabilidad se limita a que despu\u00e9s de haber transcurrido tres semanas, por cada semana vencida adicional del retraso, pero excluyendo otras reclamaciones por da\u00f1os y perjuicios, se podr\u00e1 exigir una indemnizaci\u00f3n global por demora del 0,5%, sin embargo, como m\u00e1ximo del 5% del valor de la parte de la entrega que, a causa del retraso, no pudo ser utilizada de la forma prevista. Quedan excluidas las reclamaciones de la otra parte contratante que excedan estos l\u00edmites &#8211; tambi\u00e9n tras el vencimiento del plazo que nos ha sido fijado para la prestaci\u00f3n. La limitaci\u00f3n antes mencionada no es v\u00e1lida en caso de una responsabilidad por lesiones que afecten a la vida, integridad f\u00edsica o salud. Una modificaci\u00f3n de la carga probatoria en perjuicio de la otra parte contratante no va vinculada a las regulaciones anteriores.<\/p>\n<p>5.6<br \/>\nEn caso de que no nos sea posible la entrega total o parcial de los productos, podremos declarar por escrito la rescisi\u00f3n del contrato con respecto a la parte no entregada, a no ser que esto fuera inadmisible para la otra parte contratante.<\/p>\n<p>5.7<br \/>\nNosotros asumimos la responsabilidad por la imposibilidad de realizar la entrega en los casos de dolo o negligencia grave por nuestra parte o por un representante o auxiliar ejecutivo de conformidad con las disposiciones legales. Nuestra responsabilidad queda limitada tambi\u00e9n en los casos de negligencia grave a los da\u00f1os t\u00edpicos previsibles en el momento de la conclusi\u00f3n del contrato, si no existe ninguno de los casos excepcionales mencionados en la frase 5 de esta disposici\u00f3n. Por lo dem\u00e1s, la responsabilidad por la imposibilidad de entrega queda limitada a la indemnizaci\u00f3n por da\u00f1os y perjuicios y al reembolso de los gastos innecesarios, cuyo valor asciende como m\u00e1ximo al 10% del valor de la entrega o prestaci\u00f3n. Quedan excluidas las reclamaciones de la otra parte contratante que excedan estos l\u00edmites por la imposibilidad de la prestaci\u00f3n. Esta limitaci\u00f3n no tendr\u00e1 validez en caso de ser responsable por dolo, negligencia grave o lesiones que afecten a la vida, integridad f\u00edsica o salud. Una modificaci\u00f3n de la carga probatoria en perjuicio de la otra parte contratante no va vinculada a las regulaciones anteriores.<\/p>\n<p><strong>6. Recepci\u00f3n<\/strong><\/p>\n<p>6.1<br \/>\nLos gastos originados por el retraso en la recepci\u00f3n (almacenamiento, seguros, medidas de protecci\u00f3n, etc.) corren a cargo de la otra parte contratante. Nosotros tambi\u00e9n tenemos derecho, sin necesidad de justificaci\u00f3n especial, a exigir un pago del 0,5%, pero como m\u00e1ximo del 5% del valor del pedido, por cada semana de retraso en la recepci\u00f3n.<\/p>\n<p>6.2<br \/>\nEn caso de que la otra parte contratante no acepte la entrega dentro del plazo de entrega previsto, nosotros le podremos fijar por escrito un plazo razonable para la recepci\u00f3n. Despu\u00e9s del vencimiento del plazo, nosotros tenemos derecho a rescindir total o parcialmente el contrato y a reclamar la indemnizaci\u00f3n de da\u00f1os y perjuicios.<\/p>\n<p><strong>7. Devoluci\u00f3n<\/strong><\/p>\n<p>Las devoluciones de la mercanc\u00eda entregada por nosotros ser\u00e1n aceptadas solamente, si anteriormente hemos declarado nuestra conformidad con ello. Nos reservamos el derecho de disminuir los abonos por las mercanc\u00edas devueltas, debido a reducciones de precios, comercializaci\u00f3n reducida y costes de almacenamiento de mercanc\u00edas. Si la causa de la devoluci\u00f3n no ha sido motivada por nosotros, adem\u00e1s de los gastos originados por la eliminaci\u00f3n de la marcaci\u00f3n solicitada por la otra parte contratante, tenemos derecho a deducir el 20% del valor original de la mercanc\u00eda como tasa de tramitaci\u00f3n. Nosotros asumimos la responsabilidad para las devoluciones, como muy pronto, despu\u00e9s de la recepci\u00f3n de la mercanc\u00eda en perfecto estado en nuestra sede. La otra parte contratante correr\u00e1 con los gastos de transporte.<\/p>\n<p><strong>8. Pagos<\/strong><\/p>\n<p>8.1<br \/>\nNuestras facturas deber\u00e1n ser pagadas en un plazo de 30 d\u00edas contados a partir de la fecha de emisi\u00f3n de la factura sin descuento alguno. Por los pagos realizados en el plazo de 10 d\u00edas concederemos un descuento del 2%. Las facturas de reparaciones deber\u00e1n ser pagadas sin descuento. Todos los pagos efectuados a nosotros deber\u00e1n ser realizados en euros libre de gastos.<\/p>\n<p>8.2<br \/>\nAntes de la entrega de la mercanc\u00eda tenemos derecho a exigir la apertura de una carta de cr\u00e9dito irrevocable y confirmada o de una garant\u00eda equivalente.<\/p>\n<p>8.3<br \/>\nUn pago mediante letra de cambio requiere siempre un previo acuerdo por escrito. Las letras de cambio y cheques son aceptados \u00fanicamente bajo reserva del cobro por razones de cumplimiento. Todos los gastos correr\u00e1n a cargo de la otra parte contratante.<\/p>\n<p>8.4<br \/>\nEn caso de retraso en el pago tenemos derecho a exigir un inter\u00e9s de demora de 8 puntos porcentuales por encima del tipo de inter\u00e9s b\u00e1sico (art\u00edculo 247 del C\u00f3digo Civil alem\u00e1n). Nosotros tenemos derecho a demostrar que nos han sido causados da\u00f1os y perjuicios m\u00e1s elevados.<\/p>\n<p>8.5<br \/>\nSi la otra parte contratante incurre en retraso en el pago o por circunstancias especiales existen motivos justificados para dudar de su solvencia o capacidad crediticia, podemos exigir el pago inmediato de todas las pretensiones pendientes, incluido el pago de las letras en circulaci\u00f3n, o exigir la presentaci\u00f3n de garant\u00edas.<\/p>\n<p>8.6<br \/>\nLa otra parte contratante s\u00f3lo podr\u00e1 compensar las pretensiones que le correspondan contra nosotros con pretensiones incontrovertidas o declaradas judicialmente firmes.<\/p>\n<p><strong>9. Conformidad de la mercanc\u00eda con el contrato<\/strong><\/p>\n<p>9.1<br \/>\nLa otra parte contratante deber\u00e1 examinar la mercanc\u00eda suministrada por nosotros inmediatamente despu\u00e9s de la recepci\u00f3n. Cualquier falta de conformidad con el contrato constatada nos deber\u00e1 ser comunicada inmediatamente por escrito, a m\u00e1s tardar en el plazo de una semana tras su constataci\u00f3n. Si la otra parte contratante omite esta obligaci\u00f3n, pierde el derecho a invocar la falta de conformidad con el contrato.<\/p>\n<p>9.2<br \/>\nSi la mercanc\u00eda suministrada por nosotros no es conforme al contrato, entonces tambi\u00e9n en caso de defectos significativos, podremos solventar la falta de conformidad con el contrato mediante la subsanaci\u00f3n o entrega de reposici\u00f3n en el plazo de 4 semanas despu\u00e9s del requerimiento por la otra parte contratante.<\/p>\n<p>9.3 Si una falta de conformidad con el contrato no es solventada por nosotros en el plazo establecido (n\u00famero 9.2), la otra parte contratante podr\u00e1 reducir adecuadamente el precio de compra. Si se trata de una falta de conformidad con el contrato esencial, la otra parte contratante podr\u00e1 fijar un \u00faltimo plazo para el cumplimiento y despu\u00e9s de su vencimiento exigir la rescisi\u00f3n del contrato.<\/p>\n<p><strong>10. Responsabilidad<\/strong><\/p>\n<p>10.1<br \/>\nNosotros asumimos la responsabilidad en los casos de dolo o negligencia grave por nuestra parte o por un representante o auxiliar ejecutivo, as\u00ed como por da\u00f1os que afecten a la vida, la integridad f\u00edsica o salud de las personas ocasionados por una negligencia leve seg\u00fan las disposiciones legales. Por lo dem\u00e1s, s\u00f3lo asumiremos la responsabilidad seg\u00fan la Ley alemana sobre productos defectuosos o por el incumplimiento culpable de las obligaciones contractuales fundamentales o en tanto que hayamos ocultado maliciosamente la deficiencia o hayamos asumido una garant\u00eda por la calidad del objeto de suministro. Sin embargo, nuestra responsabilidad por los da\u00f1os causados por el incumplimiento culpable de las obligaciones contractuales fundamentales queda limitada a los da\u00f1os contractuales t\u00edpicos y previsibles.<\/p>\n<p>10.2<br \/>\nEn todos los dem\u00e1s casos asumiremos la responsabilidad, si un da\u00f1o hubiera sido causado intencionadamente por nosotros o por un representante legal nuestro o por uno de sus auxiliares ejecutivos directivos por negligencia grave. Sin embargo, s\u00f3lo asumiremos la responsabilidad por los da\u00f1os t\u00edpicos y previsibles del contrato, si los mismos no han sido ocasionados de forma intencionada. No se ve afectada la responsabilidad seg\u00fan la Ley alemana sobre productos defectuosos. Esto tambi\u00e9n es v\u00e1lido en caso de una responsabilidad por una infracci\u00f3n culpable contra la vida, el cuerpo o la salud de las personas. En caso de asumir una garant\u00eda, responderemos de conformidad con las disposiciones legales.<\/p>\n<p>10.3<br \/>\nEn tanto que lo anteriormente expuesto no se regule de manera distinta, queda excluida cualquier otra reclamaci\u00f3n por da\u00f1os y perjuicios contra nosotros resultante del incumplimiento de los deberes.<\/p>\n<p>10.4<br \/>\nEn tanto que proporcionemos asesoramiento t\u00e9cnico y recomendaciones &#8211; sin compensaci\u00f3n espec\u00edfica, \u00e9stos se basan en un cuidadoso an\u00e1lisis. Si este asesoramiento no forma parte del conjunto de servicios acordados contractualmente y debidos por nosotros, se excluye toda responsabilidad por ello. La comprobaci\u00f3n, de si el producto propuesto por nosotros es apropiado para el uso previsto por el cliente, corresponde \u00fanicamente al cliente.<\/p>\n<p>10.5<br \/>\nEl cliente se asegurar\u00e1 de que en su \u00e1rea de responsabilidad se cumplan los requisitos de la Ley alemana sobre productos defectuosos, en particular, la Ley alemana de productos m\u00e9dicos. \u00c9l garantizar\u00e1, en particular, que s\u00f3lo aquellas personas, que tengan las cualificaciones profesionales adecuadas, manejen los productos. Nosotros hacemos hincapi\u00e9 en el hecho de que estas obligaciones est\u00e1n sujetas a sanci\u00f3n penal en caso del incumplimiento conforme a lo dispuesto en el art\u00edculo 43 de la Ley alemana de productos m\u00e9dicos. En tanto que en el marco de su actividad mercantil venda posteriormente los productos, por consiguiente, \u00e9l tambi\u00e9n se encargar\u00e1 de que los compradores reciban una formaci\u00f3n adecuada.<\/p>\n<p><strong>11. Prescripci\u00f3n<\/strong><\/p>\n<p>11.1<br \/>\nEl plazo de prescripci\u00f3n para todas las pretensiones y derechos de la otra parte contratante por faltas de conformidad con el contrato es de un a\u00f1o. El plazo de prescripci\u00f3n de un a\u00f1o es v\u00e1lido tambi\u00e9n para todas las reclamaciones por da\u00f1os y perjuicios contra nosotros que est\u00e1n relacionadas con el defecto, independientemente de la base jur\u00eddica de la reclamaci\u00f3n.<\/p>\n<p>11.2<br \/>\nEl plazo de prescripci\u00f3n de un a\u00f1o es v\u00e1lido tambi\u00e9n para las reclamaciones por da\u00f1os y perjuicios de cualquier \u00edndole presentadas contra nosotros que est\u00e9n relacionadas con el defecto. El plazo de prescripci\u00f3n no es v\u00e1lido, si el defecto fue ocultado maliciosamente y en los casos de infracci\u00f3n contra la vida, el cuerpo, la salud o la libertad, en caso de reclamaciones seg\u00fan la Ley alemana sobre productos defectuosos, en caso de violaci\u00f3n de los deberes por negligencia grave o incumplimiento de las obligaciones contractuales fundamentales. Una modificaci\u00f3n de la carga probatoria en perjuicio de la otra parte contratante no va vinculada a las regulaciones anteriores.<\/p>\n<p><strong>12. Reserva de dominio<\/strong><\/p>\n<p>12.1<br \/>\nTodos los productos suministrados son de nuestra propiedad hasta que se hayan satisfecho todos los<br \/>\nderechos que nos corresponden frente a la otra parte contratante a causa de la relaci\u00f3n comercial.<\/p>\n<p>12.2<br \/>\nSi para la eficacia de la reserva de dominio existen disposiciones especiales en el pa\u00eds de destino o se deben adoptar determinadas medidas a tal efecto, entonces la otra parte contratante nos deber\u00e1 indicar \u00e9stas y ser\u00e1 responsable de su cumplimiento. Si seg\u00fan las disposiciones del pa\u00eds de destino no entra en consideraci\u00f3n una reserva de dominio, entonces la otra parte contratante nos tendr\u00e1 que prestar su apoyo en todas las medidas que sean necesarias para proteger y salvaguardar nuestra propiedad en el pa\u00eds de destino.<\/p>\n<p>12.3<br \/>\nDurante la existencia de la reserva de dominio a la otra parte contratante no le est\u00e1 permitida una daci\u00f3n en prenda o la transmisi\u00f3n en garant\u00eda.<\/p>\n<p>12.4<br \/>\nLa otra parte contratante tiene derecho a vender los productos en el curso normal de la actividad comercial. En caso de la reventa de la mercanc\u00eda suministrada por nosotros, por la presente la otra parte contratante nos cede en garant\u00eda todos sus derechos derivados de la reventa frente al comprador con todos los derechos accesorios, sin que para ello sea necesaria una declaraci\u00f3n especial. Sin embargo, la cesi\u00f3n, incluidos todos los saldos pendientes de la cuenta corriente, se aplicar\u00e1 s\u00f3lo al importe correspondiente al precio del objeto suministrado que fue facturado por nosotros. El porcentaje del exigible cedido a nosotros deber\u00e1 ser satisfecho de forma prioritaria.<\/p>\n<p>12.5<br \/>\nLa otra parte contratante est\u00e1 obligada a almacenar cuidadosamente la mercanc\u00eda suministrada por nosotros y asegurar por cuenta propia la mercanc\u00eda contra robo, incendio y da\u00f1os causados por el agua, as\u00ed como contra otros riesgos para el per\u00edodo hasta que el precio de compra haya sido pagado en su totalidad. La otra parte contratante nos cede desde este momento cualquier derecho frente a las compa\u00f1\u00edas de seguros. Nosotros aceptamos esta cesi\u00f3n.<\/p>\n<p>12.6<br \/>\nEn caso de embargos, incautaciones u otras disposiciones o intervenciones de terceros, la otra parte contratante nos tendr\u00e1 que informar inmediatamente.<\/p>\n<p>12.7<br \/>\nEn la medida en que el valor de todos los derechos de garant\u00eda que nos corresponden supere la cuant\u00eda de todos los derechos asegurados en m\u00e1s de un 10%, nosotros liberaremos la parte correspondiente de los derechos de garant\u00eda a petici\u00f3n de la otra parte contratante. En tal caso podremos elegir entre los diferentes derechos de garant\u00eda que se pueden liberar.<\/p>\n<p><strong>13. Documentos de venta<\/strong><\/p>\n<p>13.1<br \/>\nNos reservamos el derecho de autor y de propiedad sobre nuestros cat\u00e1logos, dibujos y otros documentos. Estos documentos no se deben hacer accesibles a terceros, copiar o utilizar de otra manera sin nuestro consentimiento expreso por escrito.<\/p>\n<p>13.2<br \/>\nLa responsabilidad por cualquier hecho o consecuencia que pudiera derivar de erratas de impresi\u00f3n u otros errores<br \/>\ns\u00f3lo ser\u00e1 asumida por nosotros, en caso de que se nos pueda imputar y demostrar dolo o negligencia grave.<\/p>\n<p><strong>14. Recogida de datos<\/strong><\/p>\n<p>De acuerdo con las disposiciones legales estamos autorizados a almacenar y procesar electr\u00f3nicamente datos relacionados con las operaciones comerciales.<\/p>\n<p><strong>15. Lugar de cumplimiento y jurisdicci\u00f3n, nulidad parcial<\/strong><\/p>\n<p>15.1<br \/>\nEl lugar de cumplimiento de todas las obligaciones contractuales y el lugar de jurisdicci\u00f3n es Tuttlingen.<\/p>\n<p>15.2<br \/>\nPara estas condiciones generales de contrataci\u00f3n y todas las relaciones jur\u00eddicas entre el cliente y nosotros rige el derecho de la Rep\u00fablica Federal de Alemania o las normas de Derecho internacional privado, con exclusi\u00f3n del derecho de compra de las Naciones Unidas.<\/p>\n<p>15.3<br \/>\nSi alguna disposici\u00f3n de estas condiciones generales de contrataci\u00f3n o una disposici\u00f3n en el marco de cualquier otro acuerdo fuera o resultase ser inv\u00e1lida, la validez de todas las dem\u00e1s disposiciones o acuerdos no se ver\u00eda afectada por ello.<\/p>\n<p><strong>16. Validez<\/strong><\/p>\n<p>Estas disposiciones son v\u00e1lidas a partir del 01\/01\/2017. Por la presente se suprimen todas las condiciones anteriormente existentes.[\/vc_column_text][\/vc_column][\/vc_row]<\/p>\n<\/div>","protected":false},"excerpt":{"rendered":"<p>[vc_row type=\u00bbgrid\u00bb video_bg=\u00bb\u00bb is_fss_bg=\u00bbno\u00bb][vc_column dp_animation=\u00bb\u00bb][vc_custom_heading text=\u00bbCondiciones generales de contrataci\u00f3n\u00bb font_container=\u00bbtag:h1|text_align:left\u00bb use_theme_fonts=\u00bbyes\u00bb css=\u00bb.vc_custom_1485849712591{margin-bottom: 30px !important;}\u00bb][vc_column_text dp_animation=\u00bb\u00bb]1. \u00c1mbito de aplicaci\u00f3n Para todos los contratos celebrados en el marco de nuestras relaciones comerciales actuales y futuras con empresas en el sentido del art\u00edculo 14 del C\u00f3digo Civil alem\u00e1n, personas jur\u00eddicas de derecho p\u00fablico y patrimonio especial de derecho <p><a class=\"readon\" href=\"https:\/\/www.dimeda.de\/es\/condiciones\/\"><span>read more<\/span><\/a><\/p><\/p>\n","protected":false},"author":1,"featured_media":0,"parent":0,"menu_order":0,"comment_status":"closed","ping_status":"closed","template":"","meta":{"footnotes":""},"class_list":["post-9845","page","type-page","status-publish","hentry"],"yoast_head":"<!-- This site is optimized with the Yoast SEO plugin v24.9 - https:\/\/yoast.com\/wordpress\/plugins\/seo\/ -->\n<title>Condiciones - Dimeda Instrumente GmbH<\/title>\n<meta name=\"robots\" content=\"index, follow, max-snippet:-1, max-image-preview:large, max-video-preview:-1\" \/>\n<link rel=\"canonical\" href=\"https:\/\/www.dimeda.de\/es\/condiciones\/\" \/>\n<meta property=\"og:locale\" content=\"es_ES\" \/>\n<meta property=\"og:type\" content=\"article\" \/>\n<meta property=\"og:title\" content=\"Condiciones - Dimeda Instrumente GmbH\" \/>\n<meta property=\"og:description\" content=\"[vc_row type=\u00bbgrid\u00bb video_bg=\u00bb\u00bb is_fss_bg=\u00bbno\u00bb][vc_column dp_animation=\u00bb\u00bb][vc_custom_heading text=\u00bbCondiciones generales de contrataci\u00f3n\u00bb font_container=\u00bbtag:h1|text_align:left\u00bb use_theme_fonts=\u00bbyes\u00bb css=\u00bb.vc_custom_1485849712591{margin-bottom: 30px !important;}\u00bb][vc_column_text dp_animation=\u00bb\u00bb]1. \u00c1mbito de aplicaci\u00f3n Para todos los contratos celebrados en el marco de nuestras relaciones comerciales actuales y futuras con empresas en el sentido del art\u00edculo 14 del C\u00f3digo Civil alem\u00e1n, personas jur\u00eddicas de derecho p\u00fablico y patrimonio especial de derecho [&hellip;]\" \/>\n<meta property=\"og:url\" content=\"https:\/\/www.dimeda.de\/es\/condiciones\/\" \/>\n<meta property=\"og:site_name\" content=\"Dimeda Instrumente GmbH\" \/>\n<meta property=\"article:modified_time\" content=\"2019-06-26T14:28:02+00:00\" \/>\n<meta name=\"twitter:card\" content=\"summary_large_image\" \/>\n<meta name=\"twitter:label1\" content=\"Tiempo de lectura\" \/>\n\t<meta name=\"twitter:data1\" content=\"16 minutos\" \/>\n<script type=\"application\/ld+json\" class=\"yoast-schema-graph\">{\"@context\":\"https:\/\/schema.org\",\"@graph\":[{\"@type\":\"WebPage\",\"@id\":\"https:\/\/www.dimeda.de\/es\/condiciones\/\",\"url\":\"https:\/\/www.dimeda.de\/es\/condiciones\/\",\"name\":\"Condiciones - Dimeda Instrumente GmbH\",\"isPartOf\":{\"@id\":\"https:\/\/www.dimeda.de\/fr\/#website\"},\"datePublished\":\"2019-06-25T14:04:47+00:00\",\"dateModified\":\"2019-06-26T14:28:02+00:00\",\"breadcrumb\":{\"@id\":\"https:\/\/www.dimeda.de\/es\/condiciones\/#breadcrumb\"},\"inLanguage\":\"es\",\"potentialAction\":[{\"@type\":\"ReadAction\",\"target\":[\"https:\/\/www.dimeda.de\/es\/condiciones\/\"]}]},{\"@type\":\"BreadcrumbList\",\"@id\":\"https:\/\/www.dimeda.de\/es\/condiciones\/#breadcrumb\",\"itemListElement\":[{\"@type\":\"ListItem\",\"position\":1,\"name\":\"Startseite\",\"item\":\"https:\/\/www.dimeda.de\/es\/espanol-casa-2\/\"},{\"@type\":\"ListItem\",\"position\":2,\"name\":\"Condiciones\"}]},{\"@type\":\"WebSite\",\"@id\":\"https:\/\/www.dimeda.de\/fr\/#website\",\"url\":\"https:\/\/www.dimeda.de\/fr\/\",\"name\":\"Dimeda Instrumente GmbH\",\"description\":\"\",\"potentialAction\":[{\"@type\":\"SearchAction\",\"target\":{\"@type\":\"EntryPoint\",\"urlTemplate\":\"https:\/\/www.dimeda.de\/fr\/?s={search_term_string}\"},\"query-input\":{\"@type\":\"PropertyValueSpecification\",\"valueRequired\":true,\"valueName\":\"search_term_string\"}}],\"inLanguage\":\"es\"}]}<\/script>\n<!-- \/ Yoast SEO plugin. -->","yoast_head_json":{"title":"Condiciones - Dimeda Instrumente GmbH","robots":{"index":"index","follow":"follow","max-snippet":"max-snippet:-1","max-image-preview":"max-image-preview:large","max-video-preview":"max-video-preview:-1"},"canonical":"https:\/\/www.dimeda.de\/es\/condiciones\/","og_locale":"es_ES","og_type":"article","og_title":"Condiciones - Dimeda Instrumente GmbH","og_description":"[vc_row type=\u00bbgrid\u00bb video_bg=\u00bb\u00bb is_fss_bg=\u00bbno\u00bb][vc_column dp_animation=\u00bb\u00bb][vc_custom_heading text=\u00bbCondiciones generales de contrataci\u00f3n\u00bb font_container=\u00bbtag:h1|text_align:left\u00bb use_theme_fonts=\u00bbyes\u00bb css=\u00bb.vc_custom_1485849712591{margin-bottom: 30px !important;}\u00bb][vc_column_text dp_animation=\u00bb\u00bb]1. \u00c1mbito de aplicaci\u00f3n Para todos los contratos celebrados en el marco de nuestras relaciones comerciales actuales y futuras con empresas en el sentido del art\u00edculo 14 del C\u00f3digo Civil alem\u00e1n, personas jur\u00eddicas de derecho p\u00fablico y patrimonio especial de derecho [&hellip;]","og_url":"https:\/\/www.dimeda.de\/es\/condiciones\/","og_site_name":"Dimeda Instrumente GmbH","article_modified_time":"2019-06-26T14:28:02+00:00","twitter_card":"summary_large_image","twitter_misc":{"Tiempo de lectura":"16 minutos"},"schema":{"@context":"https:\/\/schema.org","@graph":[{"@type":"WebPage","@id":"https:\/\/www.dimeda.de\/es\/condiciones\/","url":"https:\/\/www.dimeda.de\/es\/condiciones\/","name":"Condiciones - Dimeda Instrumente GmbH","isPartOf":{"@id":"https:\/\/www.dimeda.de\/fr\/#website"},"datePublished":"2019-06-25T14:04:47+00:00","dateModified":"2019-06-26T14:28:02+00:00","breadcrumb":{"@id":"https:\/\/www.dimeda.de\/es\/condiciones\/#breadcrumb"},"inLanguage":"es","potentialAction":[{"@type":"ReadAction","target":["https:\/\/www.dimeda.de\/es\/condiciones\/"]}]},{"@type":"BreadcrumbList","@id":"https:\/\/www.dimeda.de\/es\/condiciones\/#breadcrumb","itemListElement":[{"@type":"ListItem","position":1,"name":"Startseite","item":"https:\/\/www.dimeda.de\/es\/espanol-casa-2\/"},{"@type":"ListItem","position":2,"name":"Condiciones"}]},{"@type":"WebSite","@id":"https:\/\/www.dimeda.de\/fr\/#website","url":"https:\/\/www.dimeda.de\/fr\/","name":"Dimeda Instrumente GmbH","description":"","potentialAction":[{"@type":"SearchAction","target":{"@type":"EntryPoint","urlTemplate":"https:\/\/www.dimeda.de\/fr\/?s={search_term_string}"},"query-input":{"@type":"PropertyValueSpecification","valueRequired":true,"valueName":"search_term_string"}}],"inLanguage":"es"}]}},"_links":{"self":[{"href":"https:\/\/www.dimeda.de\/es\/wp-json\/wp\/v2\/pages\/9845","targetHints":{"allow":["GET"]}}],"collection":[{"href":"https:\/\/www.dimeda.de\/es\/wp-json\/wp\/v2\/pages"}],"about":[{"href":"https:\/\/www.dimeda.de\/es\/wp-json\/wp\/v2\/types\/page"}],"author":[{"embeddable":true,"href":"https:\/\/www.dimeda.de\/es\/wp-json\/wp\/v2\/users\/1"}],"replies":[{"embeddable":true,"href":"https:\/\/www.dimeda.de\/es\/wp-json\/wp\/v2\/comments?post=9845"}],"version-history":[{"count":2,"href":"https:\/\/www.dimeda.de\/es\/wp-json\/wp\/v2\/pages\/9845\/revisions"}],"predecessor-version":[{"id":9930,"href":"https:\/\/www.dimeda.de\/es\/wp-json\/wp\/v2\/pages\/9845\/revisions\/9930"}],"wp:attachment":[{"href":"https:\/\/www.dimeda.de\/es\/wp-json\/wp\/v2\/media?parent=9845"}],"curies":[{"name":"wp","href":"https:\/\/api.w.org\/{rel}","templated":true}]}}