{"id":10904,"date":"2020-05-14T13:52:05","date_gmt":"2020-05-14T11:52:05","guid":{"rendered":"https:\/\/www.dimeda.de\/?page_id=10904"},"modified":"2026-02-04T16:35:39","modified_gmt":"2026-02-04T15:35:39","slug":"news","status":"publish","type":"page","link":"https:\/\/www.dimeda.de\/fr\/societe\/news\/","title":{"rendered":"News"},"content":{"rendered":"<div class=\"wpb-content-wrapper\"><p>[vc_row type=\u00a0\u00bbgrid\u00a0\u00bb video_bg=\u00a0\u00bb\u00a0\u00bb is_fss_bg=\u00a0\u00bbno\u00a0\u00bb][vc_column dp_animation=\u00a0\u00bb\u00a0\u00bb][vc_custom_heading font_container=\u00a0\u00bbtag:h1|text_align:left\u00a0\u00bb use_theme_fonts=\u00a0\u00bbyes\u00a0\u00bb css=\u00a0\u00bb\u00a0\u00bb text=\u00a0\u00bbNews\u00a0\u00bb el_class=\u00a0\u00bbdim-h1-line\u00a0\u00bb][vc_custom_heading use_theme_fonts=\u00a0\u00bbyes\u00a0\u00bb css=\u00a0\u00bb.vc_custom_1770219263570{padding-top: 15px !important;padding-bottom: 15px !important;}\u00a0\u00bb text=\u00a0\u00bbLES ACTUALIT\u00c9S DE DIMEDA\u00a0\u00bb][vc_column_text css=\u00a0\u00bb\u00a0\u00bb dp_animation=\u00a0\u00bb\u00a0\u00bb]D\u00e9couvrez les derni\u00e8res informations, nouveaut\u00e9s produits, \u00e9volutions de l\u2019entreprise et \u00e9v\u00e9nements autour de DIMEDA.<br \/>\nAbonnez-vous \u00e0 notre newsletter pour ne manquer aucune information.[\/vc_column_text][vc_empty_space height=\u00a0\u00bb20&Prime;]<div class=\"elegant-fancy-button-wrapper elegant-align-left\"><style type=\"text\/css\">.elegant-fancy-button-wrap.elegant-fancy-button-1 .elegant-fancy-button-link { color:#ef7d00 !important;--color:#ffffff !important; border-color:#ef7d00;--border-color:#ef7d00}.elegant-fancy-button-wrap.elegant-fancy-button-1 .elegant-fancy-button-link:hover { color:#ffffff !important;}.elegant-fancy-button-wrap.elegant-fancy-button-1 .elegant-fancy-button-link.elegant-button-position-aware span{ background-color:#ef7d00;}<\/style><div class=\"elegant-fancy-button-wrap elegant-fancy-button-1\"><a class=\"elegant-fancy-button-link elegant-button-position-aware elegant-button-round elegant-button-medium elegant-fancy-button-icon-left\" style=\"font-size:14px;line-height: 1em;\" href=\"https:\/\/www.dimeda.de\/fr\/newsletter\/\"><span><\/span><i class=\"fas fa-angle-double-right\"><\/i>S\u2019abonner \u00e0 la newsletter<\/a><\/div><\/div>[vc_empty_space height=\u00a0\u00bb50&Prime;][\/vc_column][\/vc_row][vc_row type=\u00a0\u00bbgrid\u00a0\u00bb video_bg=\u00a0\u00bb\u00a0\u00bb is_fss_bg=\u00a0\u00bbno\u00a0\u00bb][vc_column dp_animation=\u00a0\u00bb\u00a0\u00bb][vc_custom_heading font_container=\u00a0\u00bbtag:h3|text_align:left\u00a0\u00bb use_theme_fonts=\u00a0\u00bbyes\u00a0\u00bb css=\u00a0\u00bb\u00a0\u00bb text=\u00a0\u00bb17.03.2025 &#8211; Dimeda obtient la certification MDR de T\u00dcV S\u00fcd\u00a0\u00bb][vc_separator][vc_empty_space height=\u00a0\u00bb10&Prime;][\/vc_column][\/vc_row][vc_row type=\u00a0\u00bbgrid\u00a0\u00bb video_bg=\u00a0\u00bb\u00a0\u00bb is_fss_bg=\u00a0\u00bbno\u00a0\u00bb][vc_column width=\u00a0\u00bb1\/2&Prime; dp_animation=\u00a0\u00bb\u00a0\u00bb][vc_column_text css=\u00a0\u00bb\u00a0\u00bb dp_animation=\u00a0\u00bb\u00a0\u00bb]<\/p>\n<p class=\"\" data-start=\"128\" data-end=\"320\">Nous avons le plaisir d&rsquo;annoncer que DIMEDA a officiellement obtenu la certification MDR (R\u00e8glement sur les dispositifs m\u00e9dicaux) de <strong data-start=\"239\" data-end=\"250\">T\u00dcV S\u00fcd<\/strong>, l&rsquo;un des organismes notifi\u00e9s les plus respect\u00e9s de l&rsquo;industrie.<\/p>\n<p class=\"\" data-start=\"322\" data-end=\"657\">Cette certification garantit que nos produits sont conformes aux derni\u00e8res r\u00e9glementations europ\u00e9ennes et am\u00e9liore la s\u00e9curit\u00e9, la qualit\u00e9 et la transparence. Elle souligne notre engagement \u00e0 fournir des dispositifs m\u00e9dicaux fiables, s\u00fbrs et innovants avec une surveillance continue et une assurance qualit\u00e9 rigoureuse.<\/p>\n<p class=\"\" data-start=\"659\" data-end=\"733\"><a id=\"button-2060866133\" href=\"https:\/\/www.dimeda.de\/wp-content\/uploads\/Zertifikate\/MDR_dimeda.pdf\" target=\"_blank\" class=\"button_sc small color\" ><span> Certificat MDR<\/span><\/a><style scoped><\/style><\/p>\n<p class=\"\" data-start=\"735\" data-end=\"807\">Nous vous remercions pour votre confiance et votre soutien continus!<\/p>\n<p>[\/vc_column_text][\/vc_column][vc_column width=\u00a0\u00bb1\/2&Prime; dp_animation=\u00a0\u00bb\u00a0\u00bb][vc_single_image image=\u00a0\u00bb14702&Prime; alignment=\u00a0\u00bbcenter\u00a0\u00bb css=\u00a0\u00bb\u00a0\u00bb dp_animation=\u00a0\u00bb\u00a0\u00bb img_size=\u00a0\u00bbfull\u00a0\u00bb][\/vc_column][\/vc_row][vc_row type=\u00a0\u00bbgrid\u00a0\u00bb video_bg=\u00a0\u00bb\u00a0\u00bb is_fss_bg=\u00a0\u00bbno\u00a0\u00bb][vc_column dp_animation=\u00a0\u00bb\u00a0\u00bb][vc_empty_space height=\u00a0\u00bb52px\u00a0\u00bb][\/vc_column][\/vc_row][vc_row type=\u00a0\u00bbgrid\u00a0\u00bb video_bg=\u00a0\u00bb\u00a0\u00bb is_fss_bg=\u00a0\u00bbno\u00a0\u00bb][vc_column dp_animation=\u00a0\u00bb\u00a0\u00bb][vc_custom_heading font_container=\u00a0\u00bbtag:h3|text_align:left\u00a0\u00bb use_theme_fonts=\u00a0\u00bbyes\u00a0\u00bb css=\u00a0\u00bb\u00a0\u00bb text=\u00a0\u00bb19.11.2024 &#8211; Participation r\u00e9ussie au salon MEDICA 2024 \u00e0 D\u00fcsseldorf\u00a0\u00bb][vc_separator][vc_empty_space height=\u00a0\u00bb10&Prime;][\/vc_column][\/vc_row][vc_row type=\u00a0\u00bbgrid\u00a0\u00bb video_bg=\u00a0\u00bb\u00a0\u00bb is_fss_bg=\u00a0\u00bbno\u00a0\u00bb][vc_column width=\u00a0\u00bb1\/2&Prime; dp_animation=\u00a0\u00bb\u00a0\u00bb][vc_column_text css=\u00a0\u00bb\u00a0\u00bb dp_animation=\u00a0\u00bb\u00a0\u00bb]MEDICA 2024 \u00e0 D\u00fcsseldorf s&rsquo;est \u00e0 nouveau r\u00e9v\u00e9l\u00e9e \u00eatre une plateforme exceptionnelle pour \u00e9changer sur les d\u00e9veloppements et tendances actuels dans le domaine des technologies m\u00e9dicales. DIMEDA a pr\u00e9sent\u00e9 des solutions innovantes et montr\u00e9 comment les innovations peuvent contribuer \u00e0 l&rsquo;am\u00e9lioration des soins de sant\u00e9.<\/p>\n<p>L&rsquo;accent a \u00e9t\u00e9 mis sur la pr\u00e9cision, la qualit\u00e9 et le progr\u00e8s \u2013 des valeurs qui fa\u00e7onnent durablement les technologies m\u00e9dicales. Les nombreuses discussions et le grand int\u00e9r\u00eat pour la pr\u00e9sentation ont confirm\u00e9 la pertinence des solutions pr\u00e9sent\u00e9es et renforc\u00e9 l&rsquo;ambition de fixer en permanence de nouvelles normes dans le secteur.<\/p>\n<p>La participation \u00e0 MEDICA 2024 souligne l&rsquo;engagement de DIMEDA \u00e0 jouer un r\u00f4le actif dans l&rsquo;avenir des technologies m\u00e9dicales en tant que partenaire solide dans le domaine de la sant\u00e9.[\/vc_column_text][\/vc_column][vc_column width=\u00a0\u00bb1\/2&Prime; dp_animation=\u00a0\u00bb\u00a0\u00bb][vc_images_carousel images=\u00a0\u00bb14582,14552,14558,14564,14570,14540,14576&Prime; onclick=\u00a0\u00bblink_no\u00a0\u00bb css=\u00a0\u00bb\u00a0\u00bb img_size=\u00a0\u00bbfull\u00a0\u00bb speed=\u00a0\u00bb5000&Prime; slides_per_view=\u00a0\u00bb1&Prime;][\/vc_column][\/vc_row][vc_row type=\u00a0\u00bbgrid\u00a0\u00bb video_bg=\u00a0\u00bb\u00a0\u00bb is_fss_bg=\u00a0\u00bbno\u00a0\u00bb][vc_column dp_animation=\u00a0\u00bb\u00a0\u00bb][vc_empty_space height=\u00a0\u00bb52px\u00a0\u00bb][\/vc_column][\/vc_row][vc_row type=\u00a0\u00bbgrid\u00a0\u00bb video_bg=\u00a0\u00bb\u00a0\u00bb is_fss_bg=\u00a0\u00bbno\u00a0\u00bb][vc_column dp_animation=\u00a0\u00bb\u00a0\u00bb][vc_custom_heading font_container=\u00a0\u00bbtag:h3|text_align:left\u00a0\u00bb use_theme_fonts=\u00a0\u00bbyes\u00a0\u00bb css=\u00a0\u00bb\u00a0\u00bb text=\u00a0\u00bb29.10.2024 &#8211; Participations r\u00e9ussies de Dimeda aux salons Africa Health et Global Health Exhibition\u00a0\u00bb][vc_separator][vc_empty_space height=\u00a0\u00bb10&Prime;][\/vc_column][\/vc_row][vc_row type=\u00a0\u00bbgrid\u00a0\u00bb video_bg=\u00a0\u00bb\u00a0\u00bb is_fss_bg=\u00a0\u00bbno\u00a0\u00bb][vc_column width=\u00a0\u00bb1\/2&Prime; dp_animation=\u00a0\u00bb\u00a0\u00bb][vc_column_text css=\u00a0\u00bb\u00a0\u00bb dp_animation=\u00a0\u00bb\u00a0\u00bb]Dimeda se r\u00e9jouit de sa participation r\u00e9ussie \u00e0 deux des plus importants salons de la sant\u00e9 : Africa Health au Cap et Global Health Exhibition \u00e0 Riyad. Ces deux \u00e9v\u00e9nements nous ont offert une occasion id\u00e9ale de pr\u00e9senter nos produits \u00e0 un public international, de nouer de nouveaux partenariats et d&rsquo;obtenir des informations pr\u00e9cieuses sur les derni\u00e8res tendances et d\u00e9fis du secteur.<\/p>\n<p>Nous remercions tous les partenaires et visiteurs et nous r\u00e9jouissons d&rsquo;int\u00e9grer les connaissances acquises dans le d\u00e9veloppement de nos solutions.[\/vc_column_text][\/vc_column][vc_column width=\u00a0\u00bb1\/4&Prime; dp_animation=\u00a0\u00bb\u00a0\u00bb][vc_single_image image=\u00a0\u00bb14518&Prime; alignment=\u00a0\u00bbcenter\u00a0\u00bb css=\u00a0\u00bb\u00a0\u00bb dp_animation=\u00a0\u00bb\u00a0\u00bb img_size=\u00a0\u00bbfull\u00a0\u00bb][\/vc_column][vc_column width=\u00a0\u00bb1\/4&Prime; dp_animation=\u00a0\u00bb\u00a0\u00bb][vc_single_image image=\u00a0\u00bb14524&Prime; alignment=\u00a0\u00bbcenter\u00a0\u00bb css=\u00a0\u00bb\u00a0\u00bb dp_animation=\u00a0\u00bb\u00a0\u00bb img_size=\u00a0\u00bbfull\u00a0\u00bb][\/vc_column][\/vc_row][vc_row type=\u00a0\u00bbgrid\u00a0\u00bb video_bg=\u00a0\u00bb\u00a0\u00bb is_fss_bg=\u00a0\u00bbno\u00a0\u00bb][vc_column dp_animation=\u00a0\u00bb\u00a0\u00bb][vc_empty_space height=\u00a0\u00bb52px\u00a0\u00bb][\/vc_column][\/vc_row][vc_row type=\u00a0\u00bbgrid\u00a0\u00bb video_bg=\u00a0\u00bb\u00a0\u00bb is_fss_bg=\u00a0\u00bbno\u00a0\u00bb][vc_column dp_animation=\u00a0\u00bb\u00a0\u00bb][vc_custom_heading font_container=\u00a0\u00bbtag:h3|text_align:left\u00a0\u00bb use_theme_fonts=\u00a0\u00bbyes\u00a0\u00bb css=\u00a0\u00bb\u00a0\u00bb text=\u00a0\u00bb20.09.2024 &#8211; Dimeda accueille de nouveaux apprentis et une stagiaire\u00a0\u00bb][vc_separator][vc_empty_space height=\u00a0\u00bb10&Prime;][\/vc_column][\/vc_row][vc_row type=\u00a0\u00bbgrid\u00a0\u00bb video_bg=\u00a0\u00bb\u00a0\u00bb is_fss_bg=\u00a0\u00bbno\u00a0\u00bb][vc_column width=\u00a0\u00bb1\/2&Prime; dp_animation=\u00a0\u00bb\u00a0\u00bb][vc_column_text css=\u00a0\u00bb\u00a0\u00bb dp_animation=\u00a0\u00bb\u00a0\u00bb]D\u00e9but septembre 2024, Dimeda Instrumente GmbH a accueilli de nouveaux apprentis dans les secteurs commerciaux et industriels, ainsi qu&rsquo;une stagiaire en gestion de la qualit\u00e9 et des produits. Ces jeunes talents entrent dans une p\u00e9riode de formation passionnante et pratique, o\u00f9 ils acquerront une exp\u00e9rience pr\u00e9cieuse et contribueront activement \u00e0 l&rsquo;avenir de la technologie m\u00e9dicale.<\/p>\n<p>Dimeda accorde une grande importance \u00e0 l&rsquo;encadrement des jeunes talents. Nos apprentis et stagiaires re\u00e7oivent un soutien complet et d\u00e9couvrent divers d\u00e9partements \u2013 un d\u00e9but id\u00e9al pour leur carri\u00e8re professionnelle.<\/p>\n<p><strong>Votre carri\u00e8re. Notre innovation. Construisons l&rsquo;avenir ensemble chez Dimeda.<\/strong>[\/vc_column_text][\/vc_column][vc_column width=\u00a0\u00bb1\/2&Prime; dp_animation=\u00a0\u00bb\u00a0\u00bb][vc_single_image image=\u00a0\u00bb14494&Prime; alignment=\u00a0\u00bbcenter\u00a0\u00bb css=\u00a0\u00bb\u00a0\u00bb dp_animation=\u00a0\u00bb\u00a0\u00bb img_size=\u00a0\u00bbfull\u00a0\u00bb][\/vc_column][\/vc_row][vc_row type=\u00a0\u00bbgrid\u00a0\u00bb video_bg=\u00a0\u00bb\u00a0\u00bb is_fss_bg=\u00a0\u00bbno\u00a0\u00bb][vc_column dp_animation=\u00a0\u00bb\u00a0\u00bb][vc_empty_space height=\u00a0\u00bb52px\u00a0\u00bb][\/vc_column][\/vc_row][vc_row type=\u00a0\u00bbgrid\u00a0\u00bb video_bg=\u00a0\u00bb\u00a0\u00bb is_fss_bg=\u00a0\u00bbno\u00a0\u00bb][vc_column dp_animation=\u00a0\u00bb\u00a0\u00bb][vc_custom_heading font_container=\u00a0\u00bbtag:h3|text_align:left\u00a0\u00bb use_theme_fonts=\u00a0\u00bbyes\u00a0\u00bb css=\u00a0\u00bb\u00a0\u00bb text=\u00a0\u00bb16.09.2024 &#8211; Dimeda \u00e0 la Medical Fair Asia 2024 \u00e0 Singapour\u00a0\u00bb][vc_separator][vc_empty_space height=\u00a0\u00bb10&Prime;][\/vc_column][\/vc_row][vc_row type=\u00a0\u00bbgrid\u00a0\u00bb video_bg=\u00a0\u00bb\u00a0\u00bb is_fss_bg=\u00a0\u00bbno\u00a0\u00bb][vc_column width=\u00a0\u00bb1\/2&Prime; dp_animation=\u00a0\u00bb\u00a0\u00bb][vc_column_text css=\u00a0\u00bb\u00a0\u00bb dp_animation=\u00a0\u00bb\u00a0\u00bb]Nous revenons sur une participation r\u00e9ussie \u00e0 la Medical Fair Asia 2024, qui s&rsquo;est tenue au Marina Bay Sands de Singapour, du 11 au 13 septembre 2024.<\/p>\n<p>Ce fut une excellente opportunit\u00e9 de pr\u00e9senter nos derni\u00e8res innovations \u00e0 un public international. Nous avons appr\u00e9ci\u00e9 les \u00e9changes avec les professionnels de l&rsquo;industrie et les partenaires, et les retours positifs sur nos produits ont \u00e9t\u00e9 particuli\u00e8rement gratifiants.<\/p>\n<p>Un grand merci \u00e0 tous les visiteurs qui ont pass\u00e9 du temps sur notre stand. Nous sommes impatients de poursuivre notre collaboration et de faire progresser ensemble la technologie m\u00e9dicale.[\/vc_column_text][\/vc_column][vc_column width=\u00a0\u00bb1\/2&Prime; dp_animation=\u00a0\u00bb\u00a0\u00bb][vc_single_image image=\u00a0\u00bb14458&Prime; alignment=\u00a0\u00bbcenter\u00a0\u00bb css=\u00a0\u00bb\u00a0\u00bb dp_animation=\u00a0\u00bb\u00a0\u00bb img_size=\u00a0\u00bbmedium\u00a0\u00bb][\/vc_column][\/vc_row][vc_row type=\u00a0\u00bbgrid\u00a0\u00bb video_bg=\u00a0\u00bb\u00a0\u00bb is_fss_bg=\u00a0\u00bbno\u00a0\u00bb][vc_column dp_animation=\u00a0\u00bb\u00a0\u00bb][vc_empty_space height=\u00a0\u00bb52px\u00a0\u00bb][\/vc_column][\/vc_row][vc_row type=\u00a0\u00bbgrid\u00a0\u00bb video_bg=\u00a0\u00bb\u00a0\u00bb is_fss_bg=\u00a0\u00bbno\u00a0\u00bb][vc_column dp_animation=\u00a0\u00bb\u00a0\u00bb][vc_custom_heading font_container=\u00a0\u00bbtag:h3|text_align:left\u00a0\u00bb use_theme_fonts=\u00a0\u00bbyes\u00a0\u00bb css=\u00a0\u00bb\u00a0\u00bb text=\u00a0\u00bb06.06.2024 &#8211; Visite du d\u00e9put\u00e9 Guido Wolf et de la candidate au conseil de district G\u00fclsen Liman dans notre entreprise\u00a0\u00bb][vc_separator][vc_empty_space height=\u00a0\u00bb10&Prime;][\/vc_column][\/vc_row][vc_row type=\u00a0\u00bbgrid\u00a0\u00bb video_bg=\u00a0\u00bb\u00a0\u00bb is_fss_bg=\u00a0\u00bbno\u00a0\u00bb][vc_column width=\u00a0\u00bb1\/2&Prime; dp_animation=\u00a0\u00bb\u00a0\u00bb][vc_column_text css=\u00a0\u00bb\u00a0\u00bb dp_animation=\u00a0\u00bb\u00a0\u00bb]Nous avons eu le plaisir d&rsquo;accueillir M. Guido Wolf, d\u00e9put\u00e9 pour la circonscription de Tuttlingen-Donaueschingen, et la candidate au conseil de district et municipal G\u00fclsen Liman, gestionnaire de la pratique du Centre de chirurgie ambulatoire de Tuttlingen, dans notre entreprise.<\/p>\n<p>Au cours de leur visite, ils ont \u00e9t\u00e9 introduits \u00e0 notre entreprise et aux diff\u00e9rentes \u00e9tapes de fabrication de nos instruments chirurgicaux et produits m\u00e9dicaux par le biais d&rsquo;un \u00e9change avec notre directeur g\u00e9n\u00e9ral Bastian Milkau. Nos employ\u00e9s ont profit\u00e9 de l&rsquo;occasion pour \u00e9changer lors d&rsquo;un petit-d\u00e9jeuner commun dans notre nouvelle cantine d&rsquo;entreprise sur l&rsquo;importance de la technologie m\u00e9dicale dans notre r\u00e9gion et les d\u00e9fis futurs.<\/p>\n<p>Merci beaucoup pour votre visite et les discussions int\u00e9ressantes. Nous vous souhaitons beaucoup de succ\u00e8s pour les \u00e9lections \u00e0 venir le 9 juin.[\/vc_column_text][\/vc_column][vc_column width=\u00a0\u00bb1\/2&Prime; dp_animation=\u00a0\u00bb\u00a0\u00bb][vc_images_carousel images=\u00a0\u00bb14335,14359,14329,14341,14347,14353&Prime; onclick=\u00a0\u00bblink_no\u00a0\u00bb css=\u00a0\u00bb\u00a0\u00bb img_size=\u00a0\u00bbfull\u00a0\u00bb speed=\u00a0\u00bb5000&Prime; slides_per_view=\u00a0\u00bb1&Prime;][\/vc_column][\/vc_row][vc_row type=\u00a0\u00bbgrid\u00a0\u00bb video_bg=\u00a0\u00bb\u00a0\u00bb is_fss_bg=\u00a0\u00bbno\u00a0\u00bb][vc_column dp_animation=\u00a0\u00bb\u00a0\u00bb][vc_empty_space height=\u00a0\u00bb52px\u00a0\u00bb][\/vc_column][\/vc_row][vc_row type=\u00a0\u00bbgrid\u00a0\u00bb video_bg=\u00a0\u00bb\u00a0\u00bb is_fss_bg=\u00a0\u00bbno\u00a0\u00bb][vc_column dp_animation=\u00a0\u00bb\u00a0\u00bb][vc_custom_heading font_container=\u00a0\u00bbtag:h3|text_align:left\u00a0\u00bb use_theme_fonts=\u00a0\u00bbyes\u00a0\u00bb text=\u00a0\u00bb05.02.2024 &#8211; Dimeda Instruments GmbH \u00e0 l&rsquo;Arab Health 2024 : Succ\u00e8s \u00e0 Duba\u00ef !\u00a0\u00bb][vc_separator][vc_empty_space height=\u00a0\u00bb10&Prime;][\/vc_column][\/vc_row][vc_row type=\u00a0\u00bbgrid\u00a0\u00bb video_bg=\u00a0\u00bb\u00a0\u00bb is_fss_bg=\u00a0\u00bbno\u00a0\u00bb][vc_column width=\u00a0\u00bb1\/2&Prime; dp_animation=\u00a0\u00bb\u00a0\u00bb][vc_column_text dp_animation=\u00a0\u00bb\u00a0\u00bb]Du 29 janvier au 1er f\u00e9vrier 2024, Dimeda s&rsquo;est pr\u00e9sent\u00e9 avec grand succ\u00e8s \u00e0 l&rsquo;Arab Health au Dubai World Trade Center. Notre stand a attir\u00e9 de nombreux visiteurs int\u00e9ress\u00e9s par nos derni\u00e8res innovations m\u00e9dicales. Nous avons \u00e9tabli d&rsquo;importantes relations, approfondi des partenariats existants et \u00e9chang\u00e9 des id\u00e9es sur les derni\u00e8res tendances de la technologie m\u00e9dicale.<\/p>\n<p>La r\u00e9ponse positive \u00e0 nos produits a \u00e9t\u00e9 \u00e9crasante, et nous sommes ravis des opportunit\u00e9s que l&rsquo;Arab Health offre \u00e0 Dimeda chaque ann\u00e9e. L&rsquo;Arab Health 2024 a \u00e9t\u00e9 une plateforme r\u00e9ussie pour fa\u00e7onner l&rsquo;avenir de la technologie m\u00e9dicale et faire avancer notre mission de soins aux patients \u00e0 l&rsquo;\u00e9chelle mondiale.<\/p>\n<p>Nous remercions tous les visiteurs pour leur int\u00e9r\u00eat et avons h\u00e2te de renforcer davantage les liens \u00e9tablis lors de l&rsquo;exposition.[\/vc_column_text][\/vc_column][vc_column width=\u00a0\u00bb1\/2&Prime; dp_animation=\u00a0\u00bb\u00a0\u00bb][vc_single_image image=\u00a0\u00bb13958&Prime; alignment=\u00a0\u00bbcenter\u00a0\u00bb dp_animation=\u00a0\u00bb\u00a0\u00bb img_size=\u00a0\u00bbmedium\u00a0\u00bb][\/vc_column][\/vc_row][vc_row type=\u00a0\u00bbgrid\u00a0\u00bb video_bg=\u00a0\u00bb\u00a0\u00bb is_fss_bg=\u00a0\u00bbno\u00a0\u00bb][vc_column dp_animation=\u00a0\u00bb\u00a0\u00bb][vc_empty_space height=\u00a0\u00bb52px\u00a0\u00bb][\/vc_column][\/vc_row][vc_row type=\u00a0\u00bbgrid\u00a0\u00bb video_bg=\u00a0\u00bb\u00a0\u00bb is_fss_bg=\u00a0\u00bbno\u00a0\u00bb][vc_column dp_animation=\u00a0\u00bb\u00a0\u00bb][vc_custom_heading font_container=\u00a0\u00bbtag:h3|text_align:left\u00a0\u00bb use_theme_fonts=\u00a0\u00bbyes\u00a0\u00bb text=\u00a0\u00bb11.01.2024 &#8211; Dimeda Instrumente GmbH obtient la certification environnementale\u00a0\u00bb][vc_separator][vc_empty_space height=\u00a0\u00bb10&Prime;][\/vc_column][\/vc_row][vc_row type=\u00a0\u00bbgrid\u00a0\u00bb video_bg=\u00a0\u00bb\u00a0\u00bb is_fss_bg=\u00a0\u00bbno\u00a0\u00bb][vc_column width=\u00a0\u00bb1\/2&Prime; dp_animation=\u00a0\u00bb\u00a0\u00bb][vc_column_text dp_animation=\u00a0\u00bb\u00a0\u00bb]<strong>Nous sommes heureux de vous annoncer que Dimeda Instrumente GmbH a r\u00e9ussi \u00e0 obtenir une certification environnementale avec succ\u00e8s!<\/strong><\/p>\n<p>Dans le cadre de notre engagement en faveur de la durabilit\u00e9, nous participons fi\u00e8rement au recyclage des mat\u00e9riaux d&#8217;emballage, t\u00e9moignant ainsi de notre d\u00e9vouement envers des pratiques responsables dans le domaine de la technologie m\u00e9dicale.<\/p>\n<p>Cette r\u00e9alisation marque une \u00e9tape importante dans notre volont\u00e9 constante de r\u00e9duire notre empreinte \u00e9cologique. Nous sommes fermement d\u00e9termin\u00e9s \u00e0 fa\u00e7onner un avenir plus vert et sommes ravis que vous nous accompagniez dans cette d\u00e9marche.<\/p>\n<p>Merci pour votre soutien sur notre chemin vers un avenir durable et sain![\/vc_column_text][\/vc_column][vc_column width=\u00a0\u00bb1\/2&Prime; dp_animation=\u00a0\u00bb\u00a0\u00bb][vc_single_image image=\u00a0\u00bb13886&Prime; dp_animation=\u00a0\u00bb\u00a0\u00bb img_size=\u00a0\u00bbfull\u00a0\u00bb][\/vc_column][\/vc_row][vc_row type=\u00a0\u00bbgrid\u00a0\u00bb video_bg=\u00a0\u00bb\u00a0\u00bb is_fss_bg=\u00a0\u00bbno\u00a0\u00bb][vc_column dp_animation=\u00a0\u00bb\u00a0\u00bb][vc_empty_space height=\u00a0\u00bb52px\u00a0\u00bb][\/vc_column][\/vc_row][vc_row type=\u00a0\u00bbgrid\u00a0\u00bb video_bg=\u00a0\u00bb\u00a0\u00bb is_fss_bg=\u00a0\u00bbno\u00a0\u00bb][vc_column dp_animation=\u00a0\u00bb\u00a0\u00bb][vc_custom_heading font_container=\u00a0\u00bbtag:h3|text_align:left\u00a0\u00bb use_theme_fonts=\u00a0\u00bbyes\u00a0\u00bb text=\u00a0\u00bb23.03.2022 &#8211; Dimeda Instrumente GmbH soutient des h\u00f4pitaux au Rwanda\u00a0\u00bb][vc_separator][vc_empty_space height=\u00a0\u00bb10&Prime;][\/vc_column][\/vc_row][vc_row type=\u00a0\u00bbgrid\u00a0\u00bb video_bg=\u00a0\u00bb\u00a0\u00bb is_fss_bg=\u00a0\u00bbno\u00a0\u00bb][vc_column width=\u00a0\u00bb1\/2&Prime; dp_animation=\u00a0\u00bb\u00a0\u00bb][vc_column_text dp_animation=\u00a0\u00bb\u00a0\u00bb]<strong>Un objectif commun: aider les gens.<\/strong><\/p>\n<p>Dimeda soutient une initiative de m\u00e9decins polonais. Les instruments sont utilis\u00e9s pour traiter les enfants souffrant de d\u00e9formations orthop\u00e9diques au Rwanda.<\/p>\n<p>Vous pouvez avoir un petit aper\u00e7u du voyage au Rwanda et du travail de l&rsquo;initiative dans la vid\u00e9o.[\/vc_column_text][\/vc_column][vc_column width=\u00a0\u00bb1\/2&Prime; dp_animation=\u00a0\u00bb\u00a0\u00bb][vc_video align=\u00a0\u00bbcenter\u00a0\u00bb link=\u00a0\u00bbhttp:\/\/youtu.be\/BjrZ65_RWJw?rel=0&Prime;][\/vc_column][\/vc_row][vc_row type=\u00a0\u00bbgrid\u00a0\u00bb video_bg=\u00a0\u00bb\u00a0\u00bb is_fss_bg=\u00a0\u00bbno\u00a0\u00bb][vc_column dp_animation=\u00a0\u00bb\u00a0\u00bb][vc_empty_space height=\u00a0\u00bb52px\u00a0\u00bb][\/vc_column][\/vc_row][vc_row type=\u00a0\u00bbgrid\u00a0\u00bb video_bg=\u00a0\u00bb\u00a0\u00bb is_fss_bg=\u00a0\u00bbno\u00a0\u00bb][vc_column dp_animation=\u00a0\u00bb\u00a0\u00bb][vc_custom_heading font_container=\u00a0\u00bbtag:h3|text_align:left\u00a0\u00bb use_theme_fonts=\u00a0\u00bbyes\u00a0\u00bb text=\u00a0\u00bb15.04.2021 &#8211; Changement dans la direction de Dimeda Instrumente GmbH\u00a0\u00bb][vc_separator][vc_empty_space height=\u00a0\u00bb10&Prime;][\/vc_column][\/vc_row][vc_row type=\u00a0\u00bbgrid\u00a0\u00bb video_bg=\u00a0\u00bb\u00a0\u00bb is_fss_bg=\u00a0\u00bbno\u00a0\u00bb][vc_column width=\u00a0\u00bb1\/2&Prime; dp_animation=\u00a0\u00bb\u00a0\u00bb][vc_column_text dp_animation=\u00a0\u00bb\u00a0\u00bb]<strong>\u00c0 compter du 01.04.2021, la direction de Dimeda Instrumente\u00a0GmbH a \u00e9t\u00e9 \u00e9largie\u00a0: Bastian\u00a0Milkau a \u00e9t\u00e9 nomm\u00e9 nouveau pr\u00e9sident-directeur g\u00e9n\u00e9ral de la soci\u00e9t\u00e9.<\/strong><\/p>\n<p>Le m\u00e9canicien outillage et ing\u00e9nieur industriel form\u00e9, qui travaille en tant que \u00ab Product &amp; Regulatory Affairs Manager \u00bb chez l\u2019entreprise depuis 2017, se r\u00e9jouit de g\u00e9rer les affaires de l\u2019entreprise et attend avec impatience la t\u00e2che malgr\u00e9 les d\u00e9fis des moments actuels. \u00ab\u00a0Nous avons des structures qui fonctionnent tr\u00e8s bien et j\u2019ai h\u00e2te de continuer \u00e0 d\u00e9velopper l\u2019entreprise. Je tiens \u00e0 remercier M.\u00a0Zepf et la famille du propri\u00e9taire pour leur confiance et j\u2019attends avec impatience les nouvelles t\u00e2ches.\u00a0\u00bb<\/p>\n<p>Les objectifs de la nouvelle direction sont la poursuite du d\u00e9veloppement dans les diff\u00e9rents domaines de produits et l\u2019expansion du r\u00e9seau commercial international. De cette mani\u00e8re, le cap vers la r\u00e9ussite que l\u2019entreprise a suivi au cours de ces derni\u00e8res ann\u00e9es doit \u00eatre maintenu.[\/vc_column_text][\/vc_column][vc_column width=\u00a0\u00bb1\/2&Prime; dp_animation=\u00a0\u00bb\u00a0\u00bb][vc_single_image image=\u00a0\u00bb11478&Prime; alignment=\u00a0\u00bbcenter\u00a0\u00bb style=\u00a0\u00bbvc_box_rounded\u00a0\u00bb dp_animation=\u00a0\u00bb\u00a0\u00bb img_size=\u00a0\u00bbfull\u00a0\u00bb][\/vc_column][\/vc_row][vc_row type=\u00a0\u00bbgrid\u00a0\u00bb video_bg=\u00a0\u00bb\u00a0\u00bb is_fss_bg=\u00a0\u00bbno\u00a0\u00bb][vc_column dp_animation=\u00a0\u00bb\u00a0\u00bb][vc_column_text dp_animation=\u00a0\u00bb\u00a0\u00bb]<\/p>\n<p>&nbsp;<\/p>\n<p>&nbsp;<\/p>\n<p>[\/vc_column_text][\/vc_column][\/vc_row][vc_row type=\u00a0\u00bbgrid\u00a0\u00bb video_bg=\u00a0\u00bb\u00a0\u00bb is_fss_bg=\u00a0\u00bbno\u00a0\u00bb][vc_column dp_animation=\u00a0\u00bb\u00a0\u00bb][vc_custom_heading font_container=\u00a0\u00bbtag:h3|text_align:left\u00a0\u00bb use_theme_fonts=\u00a0\u00bbyes\u00a0\u00bb text=\u00a0\u00bb04.03.2021 &#8211; Expansion des produits dans le domaine de la chirurgie vasculaire et thoracique et de la microchirurgie\u00a0\u00bb][vc_separator][vc_empty_space height=\u00a0\u00bb10&Prime;][\/vc_column][\/vc_row][vc_row type=\u00a0\u00bbgrid\u00a0\u00bb video_bg=\u00a0\u00bb\u00a0\u00bb is_fss_bg=\u00a0\u00bbno\u00a0\u00bb][vc_column width=\u00a0\u00bb1\/2&Prime; dp_animation=\u00a0\u00bb\u00a0\u00bb][vc_column_text dp_animation=\u00a0\u00bb\u00a0\u00bb]Une qualit\u00e9 \u00e9lev\u00e9e, une fiabilit\u00e9 et des soins exceptionnels sont indispensables en chirurgie pour obtenir des r\u00e9sultats optimaux.<\/p>\n<p>Avec nos nouveaux produits dans les domaines de la chirurgie vasculaire et thoracique ainsi que de la microchirurgie, nous vous offrons les instruments optimaux pour cela.[\/vc_column_text][\/vc_column][vc_column width=\u00a0\u00bb1\/2&Prime; dp_animation=\u00a0\u00bb\u00a0\u00bb]<a id=\"button-487897739\" href=\"https:\/\/www.dimeda.de\/fr\/portfolio\/microchirurgie\/\" target=\"_self\" class=\"button_sc small\" ><span> En savoir plus: Microchirurgie<\/span><\/a><style scoped><\/style>[vc_empty_space height=\u00a0\u00bb12px\u00a0\u00bb]<a id=\"button-1667538500\" href=\"https:\/\/www.dimeda.de\/fr\/portfolio\/chirurgie-vasculaire-et-thoracique\/\" target=\"_self\" class=\"button_sc small\" ><span> En savoir plus: Chirurgie vasculaire et thoracique<\/span><\/a><style scoped><\/style>[vc_empty_space height=\u00a0\u00bb10px\u00a0\u00bb][\/vc_column][\/vc_row][vc_row type=\u00a0\u00bbgrid\u00a0\u00bb video_bg=\u00a0\u00bb\u00a0\u00bb is_fss_bg=\u00a0\u00bbno\u00a0\u00bb][vc_column dp_animation=\u00a0\u00bb\u00a0\u00bb][vc_single_image image=\u00a0\u00bb11328&Prime; alignment=\u00a0\u00bbcenter\u00a0\u00bb dp_animation=\u00a0\u00bb\u00a0\u00bb img_size=\u00a0\u00bbfull\u00a0\u00bb][vc_empty_space height=\u00a0\u00bb52&Prime;][vc_custom_heading font_container=\u00a0\u00bbtag:h3|text_align:left\u00a0\u00bb use_theme_fonts=\u00a0\u00bbyes\u00a0\u00bb text=\u00a0\u00bb13.05.2020 &#8211; Dimeda devient partenaire de la DHBW Villingen-Schwenningen\u00a0\u00bb][vc_separator][vc_empty_space height=\u00a0\u00bb10&Prime;][\/vc_column][\/vc_row][vc_row type=\u00a0\u00bbgrid\u00a0\u00bb video_bg=\u00a0\u00bb\u00a0\u00bb is_fss_bg=\u00a0\u00bbno\u00a0\u00bb][vc_column width=\u00a0\u00bb1\/2&Prime; dp_animation=\u00a0\u00bb\u00a0\u00bb][vc_column_text dp_animation=\u00a0\u00bb\u00a0\u00bb]Nous nous r\u00e9jouissons de l&rsquo;admission en tant que partenaire de la DHBW Villingen-Schwenningen. Ce partenariat nous permet de former des \u00e9tudiants en coop\u00e9ration avec la Duale Hochschule Baden-W\u00fcrttemberg. Au d\u00e9but du semestre prochain, en octobre, la formation du premier \u00e9tudiant en double cursus BWL-International Business (B.A.) commencera.<\/p>\n<p>Depuis de nombreuses ann\u00e9es, Dimeda attache une grande importance \u00e0 la formation interne des futurs employ\u00e9s et cadres. Depuis plusieurs ann\u00e9es, l&rsquo;entreprise offre des possibilit\u00e9s de formation pour les employ\u00e9s du commerce de gros et du commerce ext\u00e9rieur ainsi que pour les m\u00e9caniciens chirurgicaux.<\/p>\n<p>La direction de Dimeda se r\u00e9jouit de cette possibilit\u00e9 de formation suppl\u00e9mentaire et souhaite \u00e0 tous les futurs stagiaires et \u00e9tudiants beaucoup de succ\u00e8s.[\/vc_column_text][\/vc_column][vc_column width=\u00a0\u00bb1\/2&Prime; dp_animation=\u00a0\u00bb\u00a0\u00bb][vc_single_image image=\u00a0\u00bb10937&Prime; alignment=\u00a0\u00bbcenter\u00a0\u00bb dp_animation=\u00a0\u00bb\u00a0\u00bb img_size=\u00a0\u00bbmedium\u00a0\u00bb][\/vc_column][\/vc_row][vc_row type=\u00a0\u00bbgrid\u00a0\u00bb video_bg=\u00a0\u00bb\u00a0\u00bb is_fss_bg=\u00a0\u00bbno\u00a0\u00bb][vc_column dp_animation=\u00a0\u00bb\u00a0\u00bb]<div style=\"height:32px; width:100%;clear:both\"><\/div>[\/vc_column][\/vc_row][vc_row type=\u00a0\u00bbgrid\u00a0\u00bb video_bg=\u00a0\u00bb\u00a0\u00bb is_fss_bg=\u00a0\u00bbno\u00a0\u00bb][vc_column dp_animation=\u00a0\u00bb\u00a0\u00bb][vc_custom_heading font_container=\u00a0\u00bbtag:h3|text_align:left\u00a0\u00bb use_theme_fonts=\u00a0\u00bbyes\u00a0\u00bb text=\u00a0\u00bb16.04.2020 &#8211; T\u00dcV AUDIT 2020&Prime;][vc_separator]<div style=\"height:10px; width:100%;clear:both\"><\/div>[\/vc_column][\/vc_row][vc_row type=\u00a0\u00bbgrid\u00a0\u00bb video_bg=\u00a0\u00bb\u00a0\u00bb is_fss_bg=\u00a0\u00bbno\u00a0\u00bb][vc_column width=\u00a0\u00bb1\/2&Prime; dp_animation=\u00a0\u00bb\u00a0\u00bb][vc_column_text dp_animation=\u00a0\u00bb\u00a0\u00bb]Dimeda Instrumente a pass\u00e9 avec succ\u00e8s l&rsquo;audit de surveillance T\u00dcV S\u00dcD de cette ann\u00e9e pour la norme DIN EN ISO 13485:2016.<\/p>\n<p>Comme d&rsquo;habitude, nous respectons pleinement toutes les normes requises pour la conception et le d\u00e9veloppement, la production et la distribution d&rsquo;instruments chirurgicaux, d&rsquo;implants et de dispositifs m\u00e9dicaux.[\/vc_column_text][\/vc_column][vc_column width=\u00a0\u00bb1\/2&Prime; dp_animation=\u00a0\u00bb\u00a0\u00bb][vc_single_image image=\u00a0\u00bb10927&Prime; alignment=\u00a0\u00bbcenter\u00a0\u00bb dp_animation=\u00a0\u00bb\u00a0\u00bb img_size=\u00a0\u00bbmedium\u00a0\u00bb][\/vc_column][\/vc_row]<\/p>\n<\/div>","protected":false},"excerpt":{"rendered":"<p>[vc_row type=\u00a0\u00bbgrid\u00a0\u00bb video_bg=\u00a0\u00bb\u00a0\u00bb is_fss_bg=\u00a0\u00bbno\u00a0\u00bb][vc_column dp_animation=\u00a0\u00bb\u00a0\u00bb][vc_custom_heading font_container=\u00a0\u00bbtag:h1|text_align:left\u00a0\u00bb use_theme_fonts=\u00a0\u00bbyes\u00a0\u00bb css=\u00a0\u00bb\u00a0\u00bb text=\u00a0\u00bbNews\u00a0\u00bb el_class=\u00a0\u00bbdim-h1-line\u00a0\u00bb][vc_custom_heading use_theme_fonts=\u00a0\u00bbyes\u00a0\u00bb css=\u00a0\u00bb.vc_custom_1770219263570{padding-top: 15px !important;padding-bottom: 15px !important;}\u00a0\u00bb text=\u00a0\u00bbLES ACTUALIT\u00c9S DE DIMEDA\u00a0\u00bb][vc_column_text css=\u00a0\u00bb\u00a0\u00bb dp_animation=\u00a0\u00bb\u00a0\u00bb]D\u00e9couvrez les derni\u00e8res informations, nouveaut\u00e9s produits, \u00e9volutions de l\u2019entreprise et \u00e9v\u00e9nements autour de DIMEDA. Abonnez-vous \u00e0 notre newsletter pour ne manquer aucune information.[\/vc_column_text][vc_empty_space height=\u00a0\u00bb20&Prime;][vc_empty_space height=\u00a0\u00bb50&Prime;][\/vc_column][\/vc_row][vc_row type=\u00a0\u00bbgrid\u00a0\u00bb video_bg=\u00a0\u00bb\u00a0\u00bb is_fss_bg=\u00a0\u00bbno\u00a0\u00bb][vc_column dp_animation=\u00a0\u00bb\u00a0\u00bb][vc_custom_heading font_container=\u00a0\u00bbtag:h3|text_align:left\u00a0\u00bb use_theme_fonts=\u00a0\u00bbyes\u00a0\u00bb css=\u00a0\u00bb\u00a0\u00bb text=\u00a0\u00bb17.03.2025 &#8211; <p><a class=\"readon\" href=\"https:\/\/www.dimeda.de\/fr\/societe\/news\/\"><span>read more<\/span><\/a><\/p><\/p>\n","protected":false},"author":1,"featured_media":0,"parent":9902,"menu_order":2,"comment_status":"closed","ping_status":"closed","template":"template.fullwidth.php","meta":{"footnotes":""},"class_list":["post-10904","page","type-page","status-publish","hentry"],"yoast_head":"<!-- This site is optimized with the Yoast SEO plugin v24.9 - https:\/\/yoast.com\/wordpress\/plugins\/seo\/ -->\n<title>News - Dimeda Instrumente GmbH<\/title>\n<meta name=\"robots\" content=\"index, follow, max-snippet:-1, max-image-preview:large, max-video-preview:-1\" \/>\n<link rel=\"canonical\" href=\"https:\/\/www.dimeda.de\/fr\/societe\/news\/\" \/>\n<meta property=\"og:locale\" content=\"fr_FR\" \/>\n<meta property=\"og:type\" content=\"article\" \/>\n<meta property=\"og:title\" content=\"News - Dimeda Instrumente GmbH\" \/>\n<meta property=\"og:description\" content=\"[vc_row type=\u00a0\u00bbgrid\u00a0\u00bb video_bg=\u00a0\u00bb\u00a0\u00bb is_fss_bg=\u00a0\u00bbno\u00a0\u00bb][vc_column dp_animation=\u00a0\u00bb\u00a0\u00bb][vc_custom_heading font_container=\u00a0\u00bbtag:h1|text_align:left\u00a0\u00bb use_theme_fonts=\u00a0\u00bbyes\u00a0\u00bb css=\u00a0\u00bb\u00a0\u00bb text=\u00a0\u00bbNews\u00a0\u00bb el_class=\u00a0\u00bbdim-h1-line\u00a0\u00bb][vc_custom_heading use_theme_fonts=\u00a0\u00bbyes\u00a0\u00bb css=\u00a0\u00bb.vc_custom_1770219263570{padding-top: 15px !important;padding-bottom: 15px !important;}\u00a0\u00bb text=\u00a0\u00bbLES ACTUALIT\u00c9S DE DIMEDA\u00a0\u00bb][vc_column_text css=\u00a0\u00bb\u00a0\u00bb dp_animation=\u00a0\u00bb\u00a0\u00bb]D\u00e9couvrez les derni\u00e8res informations, nouveaut\u00e9s produits, \u00e9volutions de l\u2019entreprise et \u00e9v\u00e9nements autour de DIMEDA. Abonnez-vous \u00e0 notre newsletter pour ne manquer aucune information.[\/vc_column_text][vc_empty_space height=\u00a0\u00bb20&Prime;][vc_empty_space height=\u00a0\u00bb50&Prime;][\/vc_column][\/vc_row][vc_row type=\u00a0\u00bbgrid\u00a0\u00bb video_bg=\u00a0\u00bb\u00a0\u00bb is_fss_bg=\u00a0\u00bbno\u00a0\u00bb][vc_column dp_animation=\u00a0\u00bb\u00a0\u00bb][vc_custom_heading font_container=\u00a0\u00bbtag:h3|text_align:left\u00a0\u00bb use_theme_fonts=\u00a0\u00bbyes\u00a0\u00bb css=\u00a0\u00bb\u00a0\u00bb text=\u00a0\u00bb17.03.2025 &#8211; [&hellip;]\" \/>\n<meta property=\"og:url\" content=\"https:\/\/www.dimeda.de\/fr\/societe\/news\/\" \/>\n<meta property=\"og:site_name\" content=\"Dimeda Instrumente GmbH\" \/>\n<meta property=\"article:modified_time\" content=\"2026-02-04T15:35:39+00:00\" \/>\n<meta name=\"twitter:card\" content=\"summary_large_image\" \/>\n<meta name=\"twitter:label1\" content=\"Dur\u00e9e de lecture estim\u00e9e\" \/>\n\t<meta name=\"twitter:data1\" content=\"15 minutes\" \/>\n<script type=\"application\/ld+json\" class=\"yoast-schema-graph\">{\"@context\":\"https:\/\/schema.org\",\"@graph\":[{\"@type\":\"WebPage\",\"@id\":\"https:\/\/www.dimeda.de\/fr\/societe\/news\/\",\"url\":\"https:\/\/www.dimeda.de\/fr\/societe\/news\/\",\"name\":\"News - Dimeda Instrumente GmbH\",\"isPartOf\":{\"@id\":\"https:\/\/www.dimeda.de\/fr\/#website\"},\"datePublished\":\"2020-05-14T11:52:05+00:00\",\"dateModified\":\"2026-02-04T15:35:39+00:00\",\"breadcrumb\":{\"@id\":\"https:\/\/www.dimeda.de\/fr\/societe\/news\/#breadcrumb\"},\"inLanguage\":\"fr-FR\",\"potentialAction\":[{\"@type\":\"ReadAction\",\"target\":[\"https:\/\/www.dimeda.de\/fr\/societe\/news\/\"]}]},{\"@type\":\"BreadcrumbList\",\"@id\":\"https:\/\/www.dimeda.de\/fr\/societe\/news\/#breadcrumb\",\"itemListElement\":[{\"@type\":\"ListItem\",\"position\":1,\"name\":\"Startseite\",\"item\":\"https:\/\/www.dimeda.de\/fr\/9833-2-2\/\"},{\"@type\":\"ListItem\",\"position\":2,\"name\":\"News\"}]},{\"@type\":\"WebSite\",\"@id\":\"https:\/\/www.dimeda.de\/fr\/#website\",\"url\":\"https:\/\/www.dimeda.de\/fr\/\",\"name\":\"Dimeda Instrumente GmbH\",\"description\":\"\",\"potentialAction\":[{\"@type\":\"SearchAction\",\"target\":{\"@type\":\"EntryPoint\",\"urlTemplate\":\"https:\/\/www.dimeda.de\/fr\/?s={search_term_string}\"},\"query-input\":{\"@type\":\"PropertyValueSpecification\",\"valueRequired\":true,\"valueName\":\"search_term_string\"}}],\"inLanguage\":\"fr-FR\"}]}<\/script>\n<!-- \/ Yoast SEO plugin. -->","yoast_head_json":{"title":"News - Dimeda Instrumente GmbH","robots":{"index":"index","follow":"follow","max-snippet":"max-snippet:-1","max-image-preview":"max-image-preview:large","max-video-preview":"max-video-preview:-1"},"canonical":"https:\/\/www.dimeda.de\/fr\/societe\/news\/","og_locale":"fr_FR","og_type":"article","og_title":"News - Dimeda Instrumente GmbH","og_description":"[vc_row type=\u00a0\u00bbgrid\u00a0\u00bb video_bg=\u00a0\u00bb\u00a0\u00bb is_fss_bg=\u00a0\u00bbno\u00a0\u00bb][vc_column dp_animation=\u00a0\u00bb\u00a0\u00bb][vc_custom_heading font_container=\u00a0\u00bbtag:h1|text_align:left\u00a0\u00bb use_theme_fonts=\u00a0\u00bbyes\u00a0\u00bb css=\u00a0\u00bb\u00a0\u00bb text=\u00a0\u00bbNews\u00a0\u00bb el_class=\u00a0\u00bbdim-h1-line\u00a0\u00bb][vc_custom_heading use_theme_fonts=\u00a0\u00bbyes\u00a0\u00bb css=\u00a0\u00bb.vc_custom_1770219263570{padding-top: 15px !important;padding-bottom: 15px !important;}\u00a0\u00bb text=\u00a0\u00bbLES ACTUALIT\u00c9S DE DIMEDA\u00a0\u00bb][vc_column_text css=\u00a0\u00bb\u00a0\u00bb dp_animation=\u00a0\u00bb\u00a0\u00bb]D\u00e9couvrez les derni\u00e8res informations, nouveaut\u00e9s produits, \u00e9volutions de l\u2019entreprise et \u00e9v\u00e9nements autour de DIMEDA. Abonnez-vous \u00e0 notre newsletter pour ne manquer aucune information.[\/vc_column_text][vc_empty_space height=\u00a0\u00bb20&Prime;][vc_empty_space height=\u00a0\u00bb50&Prime;][\/vc_column][\/vc_row][vc_row type=\u00a0\u00bbgrid\u00a0\u00bb video_bg=\u00a0\u00bb\u00a0\u00bb is_fss_bg=\u00a0\u00bbno\u00a0\u00bb][vc_column dp_animation=\u00a0\u00bb\u00a0\u00bb][vc_custom_heading font_container=\u00a0\u00bbtag:h3|text_align:left\u00a0\u00bb use_theme_fonts=\u00a0\u00bbyes\u00a0\u00bb css=\u00a0\u00bb\u00a0\u00bb text=\u00a0\u00bb17.03.2025 &#8211; [&hellip;]","og_url":"https:\/\/www.dimeda.de\/fr\/societe\/news\/","og_site_name":"Dimeda Instrumente GmbH","article_modified_time":"2026-02-04T15:35:39+00:00","twitter_card":"summary_large_image","twitter_misc":{"Dur\u00e9e de lecture estim\u00e9e":"15 minutes"},"schema":{"@context":"https:\/\/schema.org","@graph":[{"@type":"WebPage","@id":"https:\/\/www.dimeda.de\/fr\/societe\/news\/","url":"https:\/\/www.dimeda.de\/fr\/societe\/news\/","name":"News - Dimeda Instrumente GmbH","isPartOf":{"@id":"https:\/\/www.dimeda.de\/fr\/#website"},"datePublished":"2020-05-14T11:52:05+00:00","dateModified":"2026-02-04T15:35:39+00:00","breadcrumb":{"@id":"https:\/\/www.dimeda.de\/fr\/societe\/news\/#breadcrumb"},"inLanguage":"fr-FR","potentialAction":[{"@type":"ReadAction","target":["https:\/\/www.dimeda.de\/fr\/societe\/news\/"]}]},{"@type":"BreadcrumbList","@id":"https:\/\/www.dimeda.de\/fr\/societe\/news\/#breadcrumb","itemListElement":[{"@type":"ListItem","position":1,"name":"Startseite","item":"https:\/\/www.dimeda.de\/fr\/9833-2-2\/"},{"@type":"ListItem","position":2,"name":"News"}]},{"@type":"WebSite","@id":"https:\/\/www.dimeda.de\/fr\/#website","url":"https:\/\/www.dimeda.de\/fr\/","name":"Dimeda Instrumente GmbH","description":"","potentialAction":[{"@type":"SearchAction","target":{"@type":"EntryPoint","urlTemplate":"https:\/\/www.dimeda.de\/fr\/?s={search_term_string}"},"query-input":{"@type":"PropertyValueSpecification","valueRequired":true,"valueName":"search_term_string"}}],"inLanguage":"fr-FR"}]}},"_links":{"self":[{"href":"https:\/\/www.dimeda.de\/fr\/wp-json\/wp\/v2\/pages\/10904","targetHints":{"allow":["GET"]}}],"collection":[{"href":"https:\/\/www.dimeda.de\/fr\/wp-json\/wp\/v2\/pages"}],"about":[{"href":"https:\/\/www.dimeda.de\/fr\/wp-json\/wp\/v2\/types\/page"}],"author":[{"embeddable":true,"href":"https:\/\/www.dimeda.de\/fr\/wp-json\/wp\/v2\/users\/1"}],"replies":[{"embeddable":true,"href":"https:\/\/www.dimeda.de\/fr\/wp-json\/wp\/v2\/comments?post=10904"}],"version-history":[{"count":27,"href":"https:\/\/www.dimeda.de\/fr\/wp-json\/wp\/v2\/pages\/10904\/revisions"}],"predecessor-version":[{"id":15668,"href":"https:\/\/www.dimeda.de\/fr\/wp-json\/wp\/v2\/pages\/10904\/revisions\/15668"}],"up":[{"embeddable":true,"href":"https:\/\/www.dimeda.de\/fr\/wp-json\/wp\/v2\/pages\/9902"}],"wp:attachment":[{"href":"https:\/\/www.dimeda.de\/fr\/wp-json\/wp\/v2\/media?parent=10904"}],"curies":[{"name":"wp","href":"https:\/\/api.w.org\/{rel}","templated":true}]}}